{"id":1083,"date":"2021-10-28T08:48:43","date_gmt":"2021-10-28T07:48:43","guid":{"rendered":"https:\/\/aim.gov.ie\/?page_id=1083"},"modified":"2021-10-28T09:05:30","modified_gmt":"2021-10-28T08:05:30","slug":"acmhainni","status":"publish","type":"page","link":"https:\/\/aim.gov.ie\/ga\/sample-page\/acmhainni\/","title":{"rendered":"Acmhainn\u00ed"},"content":{"rendered":"<!--#section_open\" -->\r\n<section id=\"section_open-block_617a56c7423b5\" class=\"section-contentpage py-5 section_open\">\r\n\t<div class=\"container\">\r\n<!--#section_open\" -->\r\n\t\t\n\n\n<h1 class=\"wp-block-heading\">Acmhainn\u00ed<\/h1>\n\n\n\n<p>Is oth linn nach bhfuil leaganacha Gaeilge de na hacmhainn\u00ed seo ar f\u00e1il.<\/p>\n\n\n\n<p>This page features all the key documents, links and resources that are on the AIM site in one easy to access location. <\/p>\n\n\n\n<h3 class=\"wp-block-heading\">City and County Childcare Committees (CCCs)<\/h3>\n\n\n\n<p>City and County Childcare Committees, or CCC\u2019s for short, are a Department of Children, Equality, Disability, Integration and Youth funded support for parents and childcare providers. CCC\u2019s can offer assistance with finding a suitable pre-school for your child, give advice and information about various schemes and programmes on offer. CCC\u2019s also provide training for both parents and childcare workers.<\/p>\n\n\n\n<p>To find your local CCC visit&nbsp;<a href=\"https:\/\/myccc.ie\/where-is-my-nearest-ccc\">myccc.ie.<\/a><\/p>\n\n\n\n<h3 class=\"wp-block-heading\">Information On Disability Supports<\/h3>\n\n\n\n<p>Below are links to websites where you can find quality information about supporting children with disabilities accessing pre-school and beyond. You will also find information on schemes and grants specifically for disabilities.<\/p>\n\n\n\n<ul class=\"wp-block-list\"><li><a href=\"http:\/\/nda.ie\/\">National Disability Authority<\/a>&nbsp;<\/li><li><a href=\"https:\/\/ncse.ie\/\">National Council for Special Education<\/a><\/li><li><a href=\"https:\/\/www.hse.ie\/childdisability\">HSE advice for supporting children with disabilities<\/a>&nbsp;<\/li><\/ul>\n\n\n\n<h3 class=\"wp-block-heading\">Some of the organisations that help us deliver AIM<\/h3>\n\n\n\n<p>Below are some links to AIM related organisations where you can find fantastic information on disability, childcare and education.<\/p>\n\n\n\n<ul class=\"wp-block-list\"><li><a href=\"https:\/\/www2.hse.ie\/wellbeing\/child-health\/childcare-options-and-free-pre-school-scheme.html\">HSE information on childcare options and schemes for your pre-school age child<\/a><\/li><li><a href=\"https:\/\/www.gov.ie\/en\/organisation\/department-of-children-and-youth-affairs\/\">Department of Children, Equality, Disability, Integration and Youth<\/a><\/li><li><a href=\"https:\/\/www.pobal.ie\/programmes\/access-and-inclusion-model-aim\/\">Pobal: Information on how Pobal administers AIM<\/a><\/li><li><a href=\"https:\/\/betterstart.pobal.ie\/\">Better Start: National Early Years Quality Development Service<\/a><\/li><li><a href=\"http:\/\/www.aistearsiolta.ie\/en\/Introduction\/\">Aistear Siolta \u2013 Valuable information of the curriculum and quality frameworks for early childhood education<\/a><\/li><li><a href=\"https:\/\/first5.gov.ie\/\">First 5 \u2013 the government strategy for babies, young children and families<\/a><\/li><\/ul>\n\n\n\n<h3 class=\"wp-block-heading\">Information on CPD for Providers<\/h3>\n\n\n\n<p>Inclusion Coordinator Training (LINC) &#8211; <a href=\"http:\/\/www.lincprogramme.ie\">www.lincprogramme.ie<\/a><\/p>\n\n\n\n<p><a href=\"https:\/\/first5.gov.ie\/practitioners\/continuing-professional-development\" target=\"_blank\" rel=\"noreferrer noopener\">Continuing professional development resources for practitioners<\/a><\/p>\n\n\n\n<p>Sensory Processing E-Learning (SPEL)- <a href=\"https:\/\/forms.office.com\/Pages\/ResponsePage.aspx?id=NlSurpepn0iw4a4oPO1H9_3DFJzG8H1Jtq_MEeR1I5RUNDlNSldYVk5DRlpYVUhVNTgzQ044OEhEMC4u\">SPEL Sign up Link <\/a><\/p>\n\n\n\n<p>Hanen Teacher Talk- <a href=\"http:\/\/hanen.org\">Hanen.org<\/a><\/p>\n\n\n\n<p>L\u00e1mh Manual Sign Language System- <a href=\"http:\/\/lamh.org\">Lamh.org<\/a><\/p>\n\n\n\n<p>*Hanen, Lamh and SPEL are managed on behalf of the department by Better Start, more information can be found at: <a href=\"https:\/\/www.betterstart.ie\/for-elc\/learning-and-development\/\">www.betterstart.ie\/for-elc\/learning-and-development\/.<\/a><\/p>\n\n\n\n<h3 class=\"wp-block-heading\">AIM Policy and Rules<\/h3>\n\n\n\n<ul class=\"wp-block-list\"><li><a href=\"https:\/\/aim.gov.ie\/app\/uploads\/2021\/08\/AIM-rules-2021_2022-FINAL-3.pdf\">AIM Rules 2021\/2022 (PDF)<\/a><\/li><li><a href=\"https:\/\/aim.gov.ie\/app\/uploads\/2021\/05\/AIM-Policy.pdf\">AIM Policy (PDF)<\/a><\/li><li><a href=\"https:\/\/aim.gov.ie\/app\/uploads\/2021\/05\/Inter-Departmental-Group-Report-launched-Nov-2015.pdf\">Inter-Departmental Group Report launched Nov 2015 (PDF)<\/a><br>(This document describes the rationale for starting AIM and our guiding principles.)<\/li><li><a href=\"https:\/\/aim.gov.ie\/app\/uploads\/2021\/05\/AIM-end-of-year-one-review.pdf\">AIM End of Year One Review (PDF)<\/a><br>(This document describes an extensive review of the AIM programme after it\u2019s first year and our plans for the future.)<\/li><\/ul>\n\n\n\n<h3 class=\"wp-block-heading\">AIM Supports Documents<\/h3>\n\n\n\n<h4 class=\"wp-block-heading\">Universal- Supporting Inclusion<\/h4>\n\n\n\n<ul class=\"wp-block-list\"><li><a href=\"https:\/\/aim.gov.ie\/app\/uploads\/2021\/05\/AIM-role-of-the-inclusion-co-ordinator.pdf\">Role of the Inclusion Coordinator (PDF)<\/a><\/li><li><a href=\"https:\/\/aim.gov.ie\/app\/uploads\/2021\/05\/AIM-Level-1-inclusion-co-ordinator-faq-re-increased-ecce-capitation-1-updated-version-21.09.21.pdf\">Diversity, Equality and Inclusion Charter and Guidelines for Early Childhood Care &amp; Education (PDF)<\/a><\/li><\/ul>\n\n\n\n<h4 class=\"wp-block-heading\">Targeted- Early Years Specialist Support<\/h4>\n\n\n\n<ul class=\"wp-block-list\"><li>My Inclusion Plan September 2020 <a href=\"https:\/\/aim.gov.ie\/app\/uploads\/2021\/08\/Access-and-Inclusion-Plan-My-Inclusion-Plan.pdf\">(English version)<\/a> <a href=\"https:\/\/aim.gov.ie\/app\/uploads\/2021\/10\/My-Inclusion-Plan-Irish-Translation.docx\">(Irish version)<\/a><\/li><li><a href=\"https:\/\/aim.gov.ie\/app\/uploads\/2021\/05\/AIM-Informed-Consent-.pdf\">Informed Consent (PDF)<\/a><\/li><li><a href=\"https:\/\/aim.gov.ie\/app\/uploads\/2021\/07\/AIM-Privacy-Statement-June-2021.pdf\">AIM Privacy Statement 2021 (PDF)<\/a><\/li><li><a href=\"https:\/\/aim.gov.ie\/app\/uploads\/2021\/05\/Access-and-Inclusion-Profile-Guidance-V2.pdf\">Access and Inclusion Guidance document (PDF)<\/a><\/li><li><a href=\"https:\/\/aim.gov.ie\/app\/uploads\/2021\/05\/AIM-Level-4-Access-and-Inclusion-Profile-Rationale.pdf\">Access and Inclusion Profile Rationale (PDF)<\/a><\/li><li><a href=\"https:\/\/aim.gov.ie\/app\/uploads\/2021\/05\/Completing-the-Access-and-Inclusion-Profile.pdf\">Completing the Access and Inclusion Profile (PDF)<\/a><\/li><li><a href=\"https:\/\/aim.gov.ie\/app\/uploads\/2021\/05\/AIM-guidelines-for-completing-an-individual-access-and-inclusion-plan.pdf\">Guidelines for completing an Individual Access and Inclusion Plan (PDF)<\/a><\/li><li><a href=\"https:\/\/aim.gov.ie\/app\/uploads\/2021\/05\/AIM-individual-access-and-inclusion-plan.pdf\">Individual Access and Inclusion Plan (PDF)<\/a><\/li><\/ul>\n\n\n\n<h4 class=\"wp-block-heading\">Targeted-Equipment, Appliances and Minor Alterations<\/h4>\n\n\n\n<ul class=\"wp-block-list\"><li><a href=\"https:\/\/aim.gov.ie\/app\/uploads\/2021\/05\/AIM-Level-5-capital-information-updated-version-21.09.21.pdf\">Capital Information (PDF)<\/a><\/li><li><a href=\"https:\/\/aim.gov.ie\/app\/uploads\/2021\/05\/aim-level-5-sample-list-of-eligible-equipment.pdf\">Sample List of Eligible Equipment (PDF)<\/a><\/li><li><a href=\"https:\/\/aim.gov.ie\/app\/uploads\/2021\/05\/AIM-Level-5-Capital-Checklist-updated-version-21.09.21.pdf\">Capital Checklist (PDF)<\/a><\/li><li><a href=\"https:\/\/aim.gov.ie\/app\/uploads\/2021\/05\/AIM-Level-5-Capital-Sample-Application-Form-updated-version-21.09.21.pdf\">Capital-Sample Application Form (PDF)<\/a><\/li><li><a href=\"https:\/\/aim.gov.ie\/app\/uploads\/2021\/05\/AIM-Level-5-Visiting-Teacher-Recommendation-Template-updated-version-21.09.21.pdf\">Capital Recommendation Template to be completed by NCSE Visiting Teacher (PDF)<\/a><\/li><li><a href=\"https:\/\/aim.gov.ie\/app\/uploads\/2021\/05\/AIM-Level-5-aim-capital-form-for-hse-and-hse-funded-professionals-updated-version-21.09.21.pdf\">AIM Capital Form for HSE and HSE funded Professional\u2019s (PDF)<\/a><\/li><li><a href=\"https:\/\/aim.gov.ie\/app\/uploads\/2021\/05\/AIM-Informed-Consent-.pdf\">Informed Consent (PDF)<\/a><\/li><\/ul>\n\n\n\n<h4 class=\"wp-block-heading\">Targeted- Additional Capitation<\/h4>\n\n\n\n<ul class=\"wp-block-list\"><li><a href=\"https:\/\/aim.gov.ie\/app\/uploads\/2021\/05\/AIM-Level-7-assistance-information-updated-version-21.09.21.pdf\">Additional Assistance Information (PDF)<\/a><\/li><\/ul>\n\n\n\n<h3 class=\"wp-block-heading\">Universal Design Guidelines (UDG) Documents<\/h3>\n\n\n\n<ul class=\"wp-block-list\"><li><strong><a href=\"https:\/\/aim.gov.ie\/app\/uploads\/2021\/05\/universal-design-guidelines-for-elc-settings-introduction-1.pdf\">Universal Design Guidelines for ELC Settings \u2013 Introduction<\/a><\/strong><\/li><li><strong><a href=\"https:\/\/aim.gov.ie\/app\/uploads\/2021\/05\/universal-design-guidelines-for-elc-settings-section-1-site-location-approach-and-design.pdf\">Universal Design Guidelines for ELC Settings Section 1 \u2013 Site Location, Approach and Design<\/a><\/strong><\/li><li><strong><a href=\"https:\/\/aim.gov.ie\/app\/uploads\/2021\/05\/universal-design-guidelines-for-elc-settings-section-2-entering-and-moving-about-the-early-learning-and-care-setting.pdf\">Universal Design Guidelines for ELC Settings Section 2 \u2013 Entering and Moving about the Early Learning and Care Setting<\/a><\/strong><\/li><li><a href=\"https:\/\/aim.gov.ie\/app\/uploads\/2021\/05\/universal-design-guidelines-for-elc-settings-section-3-key-internal-and-external-spaces.pdf\"><strong>Universal Design Guidelines for ELC Settings Section 3 \u2013 Key Internal and External Spaces<\/strong><\/a><\/li><li><strong><a href=\"https:\/\/aim.gov.ie\/app\/uploads\/2021\/05\/universal-design-guidelines-for-elc-settings-section-4-elements-and-systems.pdf\">Universal Design Guidelines for ELC Settings Section 4 \u2013 Elements and Systems<\/a><\/strong><\/li><li><strong><a href=\"https:\/\/aim.gov.ie\/app\/uploads\/2021\/08\/Universal-Design-Guidelines-for-ELC-Settings-%E2%80%93-Self-Audit-Tool-for-ELC-Settings-PDF.pdf\">Universal Design Guidelines for ELC Settings \u2013 Self Audit Tool for ELC Settings<\/a><\/strong><\/li><li><strong><a href=\"https:\/\/aim.gov.ie\/app\/uploads\/2021\/05\/universal-design-guidelines-for-elc-settings-appendices-case-studies-and-design-brief.pdf\">Universal Design Guidelines for ELC Settings \u2013 Appendices, Case Studies and Design Brief<\/a><\/strong><\/li><li><strong><a href=\"https:\/\/aim.gov.ie\/app\/uploads\/2021\/05\/universal-design-guidelines-for-elc-settings-literature-review-2.pdf\">Universal Design Guidelines for ELC Settings \u2013 Literature Review<\/a><\/strong><\/li><\/ul>\n\n\n<!--#section_close\" -->\r\n\t<\/div>\r\n<\/section>\r\n<!--#section_close\" -->","protected":false},"excerpt":{"rendered":"<p>Acmhainn\u00ed Is oth linn nach bhfuil leaganacha Gaeilge de na hacmhainn\u00ed seo ar f\u00e1il. This page features all the key documents, links and resources that are on the AIM site in one easy to access location. City and County Childcare Committees (CCCs) City and County Childcare Committees, or CCC\u2019s for short, are a Department of<\/p>\n","protected":false},"author":1,"featured_media":1086,"parent":652,"menu_order":0,"comment_status":"closed","ping_status":"closed","template":"","meta":{"_acf_changed":false,"footnotes":""},"class_list":["post-1083","page","type-page","status-publish","has-post-thumbnail","hentry"],"acf":[],"yoast_head":"<!-- This site is optimized with the Yoast SEO plugin v26.4 - https:\/\/yoast.com\/wordpress\/plugins\/seo\/ -->\n<title>Acmhainn\u00ed - Access and Inclusion Model<\/title>\n<meta name=\"robots\" content=\"index, follow, max-snippet:-1, max-image-preview:large, max-video-preview:-1\" \/>\n<link rel=\"canonical\" href=\"https:\/\/aim.gov.ie\/ga\/sample-page\/acmhainni\/\" \/>\n<meta property=\"og:locale\" content=\"ga_IE\" \/>\n<meta property=\"og:type\" content=\"article\" \/>\n<meta property=\"og:title\" content=\"Acmhainn\u00ed - Access and Inclusion Model\" \/>\n<meta property=\"og:description\" content=\"Acmhainn\u00ed Is oth linn nach bhfuil leaganacha Gaeilge de na hacmhainn\u00ed seo ar f\u00e1il. This page features all the key documents, links and resources that are on the AIM site in one easy to access location. City and County Childcare Committees (CCCs) City and County Childcare Committees, or CCC\u2019s for short, are a Department of\" \/>\n<meta property=\"og:url\" content=\"https:\/\/aim.gov.ie\/ga\/sample-page\/acmhainni\/\" \/>\n<meta property=\"og:site_name\" content=\"Access and Inclusion Model\" \/>\n<meta property=\"article:modified_time\" content=\"2021-10-28T08:05:30+00:00\" \/>\n<meta property=\"og:image\" content=\"https:\/\/aim.gov.ie\/app\/uploads\/2021\/05\/graphic-how-to-apply.png\" \/>\n\t<meta property=\"og:image:width\" content=\"540\" \/>\n\t<meta property=\"og:image:height\" content=\"320\" \/>\n\t<meta property=\"og:image:type\" content=\"image\/png\" \/>\n<meta name=\"twitter:card\" content=\"summary_large_image\" \/>\n<meta name=\"twitter:label1\" content=\"Est. reading time\" \/>\n\t<meta name=\"twitter:data1\" content=\"3 minutes\" \/>\n<script type=\"application\/ld+json\" class=\"yoast-schema-graph\">{\"@context\":\"https:\/\/schema.org\",\"@graph\":[{\"@type\":\"WebPage\",\"@id\":\"https:\/\/aim.gov.ie\/ga\/sample-page\/acmhainni\/\",\"url\":\"https:\/\/aim.gov.ie\/ga\/sample-page\/acmhainni\/\",\"name\":\"Acmhainn\u00ed - Access and Inclusion Model\",\"isPartOf\":{\"@id\":\"https:\/\/aim.gov.ie\/ga\/#website\"},\"primaryImageOfPage\":{\"@id\":\"https:\/\/aim.gov.ie\/ga\/sample-page\/acmhainni\/#primaryimage\"},\"image\":{\"@id\":\"https:\/\/aim.gov.ie\/ga\/sample-page\/acmhainni\/#primaryimage\"},\"thumbnailUrl\":\"https:\/\/aim.gov.ie\/app\/uploads\/2021\/05\/graphic-how-to-apply.png\",\"datePublished\":\"2021-10-28T07:48:43+00:00\",\"dateModified\":\"2021-10-28T08:05:30+00:00\",\"breadcrumb\":{\"@id\":\"https:\/\/aim.gov.ie\/ga\/sample-page\/acmhainni\/#breadcrumb\"},\"inLanguage\":\"ga-IE\",\"potentialAction\":[{\"@type\":\"ReadAction\",\"target\":[\"https:\/\/aim.gov.ie\/ga\/sample-page\/acmhainni\/\"]}]},{\"@type\":\"ImageObject\",\"inLanguage\":\"ga-IE\",\"@id\":\"https:\/\/aim.gov.ie\/ga\/sample-page\/acmhainni\/#primaryimage\",\"url\":\"https:\/\/aim.gov.ie\/app\/uploads\/2021\/05\/graphic-how-to-apply.png\",\"contentUrl\":\"https:\/\/aim.gov.ie\/app\/uploads\/2021\/05\/graphic-how-to-apply.png\",\"width\":540,\"height\":320},{\"@type\":\"BreadcrumbList\",\"@id\":\"https:\/\/aim.gov.ie\/ga\/sample-page\/acmhainni\/#breadcrumb\",\"itemListElement\":[{\"@type\":\"ListItem\",\"position\":1,\"name\":\"Home\",\"item\":\"https:\/\/aim.gov.ie\/ga\/\"},{\"@type\":\"ListItem\",\"position\":2,\"name\":\"Baile\",\"item\":\"https:\/\/aim.gov.ie\/ga\/\"},{\"@type\":\"ListItem\",\"position\":3,\"name\":\"Acmhainn\u00ed\"}]},{\"@type\":\"WebSite\",\"@id\":\"https:\/\/aim.gov.ie\/ga\/#website\",\"url\":\"https:\/\/aim.gov.ie\/ga\/\",\"name\":\"Access and Inclusion Model\",\"description\":\"The Access and Inclusion Model (AIM) is a model of supports designed to ensure that children with disabilities can access the Early Childhood Care and Education (ECCE) Programme.\",\"potentialAction\":[{\"@type\":\"SearchAction\",\"target\":{\"@type\":\"EntryPoint\",\"urlTemplate\":\"https:\/\/aim.gov.ie\/ga\/?s={search_term_string}\"},\"query-input\":{\"@type\":\"PropertyValueSpecification\",\"valueRequired\":true,\"valueName\":\"search_term_string\"}}],\"inLanguage\":\"ga-IE\"}]}<\/script>\n<!-- \/ Yoast SEO plugin. -->","yoast_head_json":{"title":"Acmhainn\u00ed - Access and Inclusion Model","robots":{"index":"index","follow":"follow","max-snippet":"max-snippet:-1","max-image-preview":"max-image-preview:large","max-video-preview":"max-video-preview:-1"},"canonical":"https:\/\/aim.gov.ie\/ga\/sample-page\/acmhainni\/","og_locale":"ga_IE","og_type":"article","og_title":"Acmhainn\u00ed - Access and Inclusion Model","og_description":"Acmhainn\u00ed Is oth linn nach bhfuil leaganacha Gaeilge de na hacmhainn\u00ed seo ar f\u00e1il. This page features all the key documents, links and resources that are on the AIM site in one easy to access location. City and County Childcare Committees (CCCs) City and County Childcare Committees, or CCC\u2019s for short, are a Department of","og_url":"https:\/\/aim.gov.ie\/ga\/sample-page\/acmhainni\/","og_site_name":"Access and Inclusion Model","article_modified_time":"2021-10-28T08:05:30+00:00","og_image":[{"width":540,"height":320,"url":"https:\/\/aim.gov.ie\/app\/uploads\/2021\/05\/graphic-how-to-apply.png","type":"image\/png"}],"twitter_card":"summary_large_image","twitter_misc":{"Est. reading time":"3 minutes"},"schema":{"@context":"https:\/\/schema.org","@graph":[{"@type":"WebPage","@id":"https:\/\/aim.gov.ie\/ga\/sample-page\/acmhainni\/","url":"https:\/\/aim.gov.ie\/ga\/sample-page\/acmhainni\/","name":"Acmhainn\u00ed - Access and Inclusion Model","isPartOf":{"@id":"https:\/\/aim.gov.ie\/ga\/#website"},"primaryImageOfPage":{"@id":"https:\/\/aim.gov.ie\/ga\/sample-page\/acmhainni\/#primaryimage"},"image":{"@id":"https:\/\/aim.gov.ie\/ga\/sample-page\/acmhainni\/#primaryimage"},"thumbnailUrl":"https:\/\/aim.gov.ie\/app\/uploads\/2021\/05\/graphic-how-to-apply.png","datePublished":"2021-10-28T07:48:43+00:00","dateModified":"2021-10-28T08:05:30+00:00","breadcrumb":{"@id":"https:\/\/aim.gov.ie\/ga\/sample-page\/acmhainni\/#breadcrumb"},"inLanguage":"ga-IE","potentialAction":[{"@type":"ReadAction","target":["https:\/\/aim.gov.ie\/ga\/sample-page\/acmhainni\/"]}]},{"@type":"ImageObject","inLanguage":"ga-IE","@id":"https:\/\/aim.gov.ie\/ga\/sample-page\/acmhainni\/#primaryimage","url":"https:\/\/aim.gov.ie\/app\/uploads\/2021\/05\/graphic-how-to-apply.png","contentUrl":"https:\/\/aim.gov.ie\/app\/uploads\/2021\/05\/graphic-how-to-apply.png","width":540,"height":320},{"@type":"BreadcrumbList","@id":"https:\/\/aim.gov.ie\/ga\/sample-page\/acmhainni\/#breadcrumb","itemListElement":[{"@type":"ListItem","position":1,"name":"Home","item":"https:\/\/aim.gov.ie\/ga\/"},{"@type":"ListItem","position":2,"name":"Baile","item":"https:\/\/aim.gov.ie\/ga\/"},{"@type":"ListItem","position":3,"name":"Acmhainn\u00ed"}]},{"@type":"WebSite","@id":"https:\/\/aim.gov.ie\/ga\/#website","url":"https:\/\/aim.gov.ie\/ga\/","name":"Access and Inclusion Model","description":"The Access and Inclusion Model (AIM) is a model of supports designed to ensure that children with disabilities can access the Early Childhood Care and Education (ECCE) Programme.","potentialAction":[{"@type":"SearchAction","target":{"@type":"EntryPoint","urlTemplate":"https:\/\/aim.gov.ie\/ga\/?s={search_term_string}"},"query-input":{"@type":"PropertyValueSpecification","valueRequired":true,"valueName":"search_term_string"}}],"inLanguage":"ga-IE"}]}},"_links":{"self":[{"href":"https:\/\/aim.gov.ie\/ga\/wp-json\/wp\/v2\/pages\/1083","targetHints":{"allow":["GET"]}}],"collection":[{"href":"https:\/\/aim.gov.ie\/ga\/wp-json\/wp\/v2\/pages"}],"about":[{"href":"https:\/\/aim.gov.ie\/ga\/wp-json\/wp\/v2\/types\/page"}],"author":[{"embeddable":true,"href":"https:\/\/aim.gov.ie\/ga\/wp-json\/wp\/v2\/users\/1"}],"replies":[{"embeddable":true,"href":"https:\/\/aim.gov.ie\/ga\/wp-json\/wp\/v2\/comments?post=1083"}],"version-history":[{"count":3,"href":"https:\/\/aim.gov.ie\/ga\/wp-json\/wp\/v2\/pages\/1083\/revisions"}],"predecessor-version":[{"id":1090,"href":"https:\/\/aim.gov.ie\/ga\/wp-json\/wp\/v2\/pages\/1083\/revisions\/1090"}],"up":[{"embeddable":true,"href":"https:\/\/aim.gov.ie\/ga\/wp-json\/wp\/v2\/pages\/652"}],"wp:featuredmedia":[{"embeddable":true,"href":"https:\/\/aim.gov.ie\/ga\/wp-json\/wp\/v2\/media\/1086"}],"wp:attachment":[{"href":"https:\/\/aim.gov.ie\/ga\/wp-json\/wp\/v2\/media?parent=1083"}],"curies":[{"name":"wp","href":"https:\/\/api.w.org\/{rel}","templated":true}]}}