{"id":659,"date":"2021-05-06T14:53:22","date_gmt":"2021-05-06T13:53:22","guid":{"rendered":"https:\/\/aimdev.fusio.dev\/how-to-apply\/"},"modified":"2021-05-28T14:05:54","modified_gmt":"2021-05-28T13:05:54","slug":"how-to-apply","status":"publish","type":"page","link":"https:\/\/aim.gov.ie\/ga\/how-to-apply\/","title":{"rendered":"Conas Iarratas a dh\u00e9anamh"},"content":{"rendered":"\r\n<!--#section-header\" -->\r\n<section class=\"section-contentpage bg-gradient-pink py-5\">\r\n\t<div class=\"container\">\r\n\t\t<div class=\"row pageheader\">\r\n\t\t\t<div class=\"col-12 col-lg-4 col-xl-3\">\r\n\t\t\t\t<h1 class=\"color-orange\">Conas Iarratas a dh\u00e9anamh<\/h1>\r\n\t\t\t<\/div>\r\n\t\t\t<div class=\"col-12 col-lg-8 col-xl-9\">\r\n\t\t\t\t<p>T\u00e1 pr\u00f3iseas iarratais AIM simpl\u00ed, t\u00e1 taca\u00edochta\u00ed AIM roinnte in dh\u00e1 phr\u00edomhr\u00e9imse &#8211; taca\u00edochta\u00ed uil\u00edocha agus spriocdh\u00edrithe. M\u00e1 theasta\u00edonn tuilleadh faisn\u00e9ise uait maidir leis na taca\u00edochta\u00ed at\u00e1 \u00e1 dtairiscint, clice\u00e1il ar an gcnaipe taca\u00edochta\u00ed spriocdh\u00edrithe n\u00f3 uil\u00edocha th\u00edos. M\u00e1s eol duit c\u00e9n cine\u00e1l taca\u00edochta is mian leat iarratas a dh\u00e9anamh air, clice\u00e1il ar an gcnaipe conas iarratas a dh\u00e9anamh th\u00edos.<\/p>\n\t\t\t<\/div>\r\n\t\t<\/div>\r\n\t<\/div>\r\n<\/section>\n\n\r\n<!--#section-contentpage\" -->\r\n<section class=\"section-contentpage bg-color-orange pt-5 pb-1\">\r\n\t<div class=\"container\">\r\n\t\t<div class=\"row\">\r\n\t\t\t<div class=\"col-12 mb-4 text-center\">\r\n\t\t\t\t<h2 class=\"color-white\">Explore<\/h2>\r\n\t\t\t<\/div>\r\n\t\t<\/div>\r\n\t\t<div class=\"row boxes\">\t\r\n\t\t\t\t\t\t\t\t\t<div class=\"col-12 col-lg-6 mb-5\">\r\n\t\t\t\t\t\t\t<a href=\"\" class=\"w-100 d-table\">\r\n\t\t\t\t\t\t\t\t<img decoding=\"async\" class=\"w-100 img-fluid\" src=\"https:\/\/aim.gov.ie\/app\/uploads\/2021\/05\/graphic-targeted-supports.png\" alt=\"\" \/>\r\n\t\t\t\t\t\t\t\t<h3 class=\"color-white mt-3\">Conas Iarratas a dh\u00e9anamh ar Thaca\u00edochta\u00ed Spriocdh\u00edrithe <\/h3>\r\n\t\t\t\t\t\t\t\t<p class=\"color-black\">An sol\u00e1thra\u00ed r\u00e9amhscoile a dh\u00e9anann iarratais ar thaca\u00edochta\u00ed spriocdh\u00edrithe i gcomhar leis an tuismitheoir. Ba cheart go mbeadh formh\u00f3r na sol\u00e1thraithe r\u00e9amhscoile eolach ar phr\u00f3iseas iarratais AIM agus ba cheart go mbeid\u00eds in ann cabhr\u00fa le tuismitheoir\u00ed leis an iarratas.<\/p>\r\n\t\t\t\t\t\t\t<\/a>\r\n\t\t\t\t\t\t<\/div>\r\n\t\t\t\t\t\t\t\t\t\t\t<div class=\"col-12 col-lg-6 mb-5\">\r\n\t\t\t\t\t\t\t<a href=\"\" class=\"w-100 d-table\">\r\n\t\t\t\t\t\t\t\t<img decoding=\"async\" class=\"w-100 img-fluid\" src=\"https:\/\/aim.gov.ie\/app\/uploads\/2021\/05\/graphic-universal-supports.png\" alt=\"\" \/>\r\n\t\t\t\t\t\t\t\t<h3 class=\"color-white mt-3\">Conas Iarratas a dh\u00e9anamh ar Thaca\u00edochta\u00ed Uil\u00edocha<\/h3>\r\n\t\t\t\t\t\t\t\t<p class=\"color-black\">Is \u00e9ard at\u00e1 i gceist le taca\u00edochta\u00ed Uil\u00edocha AIM (leibh\u00e9al 1-3) n\u00e1 taca\u00edochta\u00ed do chleacht\u00f3ir\u00ed a chuireann ar a gcumas timpeallacht n\u00edos cuimsith\u00ed a chruth\u00fa ina r\u00e9amhscoil, agus t\u00e1 tuilleadh faisn\u00e9ise maidir leis seo le f\u00e1il ar leathanach \u00e1r dTaca\u00edochta\u00ed Uil\u00edocha. Lean ar aghaidh ag l\u00e9amh m\u00e1s sp\u00e9is leat eolas maidir le conas iarratas a dh\u00e9anamh ar na taca\u00edochta\u00ed seo.<\/p>\r\n\t\t\t\t\t\t\t<\/a>\r\n\t\t\t\t\t\t<\/div>\r\n\t\t\t\t\t\t\t\t\t\t\t\t\r\n\t\t<\/div>\r\n\t<\/div>\r\n<\/section>\r\n","protected":false},"excerpt":{"rendered":"","protected":false},"author":4,"featured_media":0,"parent":0,"menu_order":4,"comment_status":"closed","ping_status":"closed","template":"","meta":{"_acf_changed":false,"footnotes":""},"class_list":["post-659","page","type-page","status-publish","hentry"],"acf":[],"yoast_head":"<!-- This site is optimized with the Yoast SEO plugin v26.4 - https:\/\/yoast.com\/wordpress\/plugins\/seo\/ -->\n<title>Conas Iarratas a dh\u00e9anamh - Access and Inclusion Model<\/title>\n<meta name=\"robots\" content=\"index, follow, max-snippet:-1, max-image-preview:large, max-video-preview:-1\" \/>\n<link rel=\"canonical\" href=\"https:\/\/aim.gov.ie\/ga\/how-to-apply\/\" \/>\n<meta property=\"og:locale\" content=\"ga_IE\" \/>\n<meta property=\"og:type\" content=\"article\" \/>\n<meta property=\"og:title\" content=\"Conas Iarratas a dh\u00e9anamh - Access and Inclusion Model\" \/>\n<meta property=\"og:url\" content=\"https:\/\/aim.gov.ie\/ga\/how-to-apply\/\" \/>\n<meta property=\"og:site_name\" content=\"Access and Inclusion Model\" \/>\n<meta property=\"article:modified_time\" content=\"2021-05-28T13:05:54+00:00\" \/>\n<meta name=\"twitter:card\" content=\"summary_large_image\" \/>\n<script type=\"application\/ld+json\" class=\"yoast-schema-graph\">{\"@context\":\"https:\/\/schema.org\",\"@graph\":[{\"@type\":\"WebPage\",\"@id\":\"https:\/\/aim.gov.ie\/ga\/how-to-apply\/\",\"url\":\"https:\/\/aim.gov.ie\/ga\/how-to-apply\/\",\"name\":\"Conas Iarratas a dh\u00e9anamh - Access and Inclusion Model\",\"isPartOf\":{\"@id\":\"https:\/\/aim.gov.ie\/ga\/#website\"},\"datePublished\":\"2021-05-06T13:53:22+00:00\",\"dateModified\":\"2021-05-28T13:05:54+00:00\",\"breadcrumb\":{\"@id\":\"https:\/\/aim.gov.ie\/ga\/how-to-apply\/#breadcrumb\"},\"inLanguage\":\"ga-IE\",\"potentialAction\":[{\"@type\":\"ReadAction\",\"target\":[\"https:\/\/aim.gov.ie\/ga\/how-to-apply\/\"]}]},{\"@type\":\"BreadcrumbList\",\"@id\":\"https:\/\/aim.gov.ie\/ga\/how-to-apply\/#breadcrumb\",\"itemListElement\":[{\"@type\":\"ListItem\",\"position\":1,\"name\":\"Home\",\"item\":\"https:\/\/aim.gov.ie\/ga\/\"},{\"@type\":\"ListItem\",\"position\":2,\"name\":\"Conas Iarratas a dh\u00e9anamh\"}]},{\"@type\":\"WebSite\",\"@id\":\"https:\/\/aim.gov.ie\/ga\/#website\",\"url\":\"https:\/\/aim.gov.ie\/ga\/\",\"name\":\"Access and Inclusion Model\",\"description\":\"The Access and Inclusion Model (AIM) is a model of supports designed to ensure that children with disabilities can access the Early Childhood Care and Education (ECCE) Programme.\",\"potentialAction\":[{\"@type\":\"SearchAction\",\"target\":{\"@type\":\"EntryPoint\",\"urlTemplate\":\"https:\/\/aim.gov.ie\/ga\/?s={search_term_string}\"},\"query-input\":{\"@type\":\"PropertyValueSpecification\",\"valueRequired\":true,\"valueName\":\"search_term_string\"}}],\"inLanguage\":\"ga-IE\"}]}<\/script>\n<!-- \/ Yoast SEO plugin. -->","yoast_head_json":{"title":"Conas Iarratas a dh\u00e9anamh - Access and Inclusion Model","robots":{"index":"index","follow":"follow","max-snippet":"max-snippet:-1","max-image-preview":"max-image-preview:large","max-video-preview":"max-video-preview:-1"},"canonical":"https:\/\/aim.gov.ie\/ga\/how-to-apply\/","og_locale":"ga_IE","og_type":"article","og_title":"Conas Iarratas a dh\u00e9anamh - Access and Inclusion Model","og_url":"https:\/\/aim.gov.ie\/ga\/how-to-apply\/","og_site_name":"Access and Inclusion Model","article_modified_time":"2021-05-28T13:05:54+00:00","twitter_card":"summary_large_image","schema":{"@context":"https:\/\/schema.org","@graph":[{"@type":"WebPage","@id":"https:\/\/aim.gov.ie\/ga\/how-to-apply\/","url":"https:\/\/aim.gov.ie\/ga\/how-to-apply\/","name":"Conas Iarratas a dh\u00e9anamh - Access and Inclusion Model","isPartOf":{"@id":"https:\/\/aim.gov.ie\/ga\/#website"},"datePublished":"2021-05-06T13:53:22+00:00","dateModified":"2021-05-28T13:05:54+00:00","breadcrumb":{"@id":"https:\/\/aim.gov.ie\/ga\/how-to-apply\/#breadcrumb"},"inLanguage":"ga-IE","potentialAction":[{"@type":"ReadAction","target":["https:\/\/aim.gov.ie\/ga\/how-to-apply\/"]}]},{"@type":"BreadcrumbList","@id":"https:\/\/aim.gov.ie\/ga\/how-to-apply\/#breadcrumb","itemListElement":[{"@type":"ListItem","position":1,"name":"Home","item":"https:\/\/aim.gov.ie\/ga\/"},{"@type":"ListItem","position":2,"name":"Conas Iarratas a dh\u00e9anamh"}]},{"@type":"WebSite","@id":"https:\/\/aim.gov.ie\/ga\/#website","url":"https:\/\/aim.gov.ie\/ga\/","name":"Access and Inclusion Model","description":"The Access and Inclusion Model (AIM) is a model of supports designed to ensure that children with disabilities can access the Early Childhood Care and Education (ECCE) Programme.","potentialAction":[{"@type":"SearchAction","target":{"@type":"EntryPoint","urlTemplate":"https:\/\/aim.gov.ie\/ga\/?s={search_term_string}"},"query-input":{"@type":"PropertyValueSpecification","valueRequired":true,"valueName":"search_term_string"}}],"inLanguage":"ga-IE"}]}},"_links":{"self":[{"href":"https:\/\/aim.gov.ie\/ga\/wp-json\/wp\/v2\/pages\/659","targetHints":{"allow":["GET"]}}],"collection":[{"href":"https:\/\/aim.gov.ie\/ga\/wp-json\/wp\/v2\/pages"}],"about":[{"href":"https:\/\/aim.gov.ie\/ga\/wp-json\/wp\/v2\/types\/page"}],"author":[{"embeddable":true,"href":"https:\/\/aim.gov.ie\/ga\/wp-json\/wp\/v2\/users\/4"}],"replies":[{"embeddable":true,"href":"https:\/\/aim.gov.ie\/ga\/wp-json\/wp\/v2\/comments?post=659"}],"version-history":[{"count":2,"href":"https:\/\/aim.gov.ie\/ga\/wp-json\/wp\/v2\/pages\/659\/revisions"}],"predecessor-version":[{"id":787,"href":"https:\/\/aim.gov.ie\/ga\/wp-json\/wp\/v2\/pages\/659\/revisions\/787"}],"wp:attachment":[{"href":"https:\/\/aim.gov.ie\/ga\/wp-json\/wp\/v2\/media?parent=659"}],"curies":[{"name":"wp","href":"https:\/\/api.w.org\/{rel}","templated":true}]}}